{"id":1244,"date":"2013-09-26T14:35:47","date_gmt":"2013-09-26T12:35:47","guid":{"rendered":"http:\/\/babar.chili.ch\/wordpress\/?page_id=1244"},"modified":"2023-12-29T09:42:51","modified_gmt":"2023-12-29T08:42:51","slug":"gastronomie","status":"publish","type":"page","link":"https:\/\/www.le-roi-babar.ch\/?page_id=1244","title":{"rendered":"Gastronomie au bord de l&#8217;eau"},"content":{"rendered":"<p>Bei sich bietenden Gelegenheiten statteten wir auch gerne der <strong>lokalen G<strong>astronomie<\/strong> unsere Besuche ab:<\/strong><\/p>\n<p><a href=\"\/wp-content\/uploads\/2013\/09\/Saarkanal.16.17.010.jpg\"><img loading=\"lazy\" decoding=\"async\" class=\"alignnone size-medium wp-image-6814\" src=\"\/wp-content\/uploads\/2013\/09\/Saarkanal.16.17.010-300x225.jpg\" alt=\"\" width=\"300\" height=\"225\" srcset=\"https:\/\/www.le-roi-babar.ch\/wp-content\/uploads\/2013\/09\/Saarkanal.16.17.010-300x225.jpg 300w, https:\/\/www.le-roi-babar.ch\/wp-content\/uploads\/2013\/09\/Saarkanal.16.17.010-768x576.jpg 768w, https:\/\/www.le-roi-babar.ch\/wp-content\/uploads\/2013\/09\/Saarkanal.16.17.010.jpg 1024w, https:\/\/www.le-roi-babar.ch\/wp-content\/uploads\/2013\/09\/Saarkanal.16.17.010-400x300.jpg 400w\" sizes=\"auto, (max-width: 300px) 100vw, 300px\" \/><\/a> <a href=\"\/wp-content\/uploads\/2013\/09\/UNADJUSTEDNONRAW_thumb_ac8d.jpg\"><img loading=\"lazy\" decoding=\"async\" class=\"alignnone size-medium wp-image-6821\" src=\"\/wp-content\/uploads\/2013\/09\/UNADJUSTEDNONRAW_thumb_ac8d-300x225.jpg\" alt=\"\" width=\"300\" height=\"225\" srcset=\"https:\/\/www.le-roi-babar.ch\/wp-content\/uploads\/2013\/09\/UNADJUSTEDNONRAW_thumb_ac8d-300x225.jpg 300w, https:\/\/www.le-roi-babar.ch\/wp-content\/uploads\/2013\/09\/UNADJUSTEDNONRAW_thumb_ac8d-768x576.jpg 768w, https:\/\/www.le-roi-babar.ch\/wp-content\/uploads\/2013\/09\/UNADJUSTEDNONRAW_thumb_ac8d.jpg 1024w, https:\/\/www.le-roi-babar.ch\/wp-content\/uploads\/2013\/09\/UNADJUSTEDNONRAW_thumb_ac8d-400x300.jpg 400w\" sizes=\"auto, (max-width: 300px) 100vw, 300px\" \/><\/a><\/p>\n<p><a href=\"\/wp-content\/uploads\/2013\/09\/Saarkanal.16.17.013.jpg\"><img loading=\"lazy\" decoding=\"async\" class=\"alignnone size-medium wp-image-6816\" src=\"\/wp-content\/uploads\/2013\/09\/Saarkanal.16.17.013-225x300.jpg\" alt=\"\" width=\"225\" height=\"300\" srcset=\"https:\/\/www.le-roi-babar.ch\/wp-content\/uploads\/2013\/09\/Saarkanal.16.17.013-225x300.jpg 225w, https:\/\/www.le-roi-babar.ch\/wp-content\/uploads\/2013\/09\/Saarkanal.16.17.013.jpg 768w\" sizes=\"auto, (max-width: 225px) 100vw, 225px\" \/><\/a> <a href=\"\/wp-content\/uploads\/2013\/09\/Saarkanal.16.17.015.jpg\"><img loading=\"lazy\" decoding=\"async\" class=\"alignnone size-medium wp-image-6817\" src=\"\/wp-content\/uploads\/2013\/09\/Saarkanal.16.17.015-225x300.jpg\" alt=\"\" width=\"225\" height=\"300\" srcset=\"https:\/\/www.le-roi-babar.ch\/wp-content\/uploads\/2013\/09\/Saarkanal.16.17.015-225x300.jpg 225w, https:\/\/www.le-roi-babar.ch\/wp-content\/uploads\/2013\/09\/Saarkanal.16.17.015.jpg 768w\" sizes=\"auto, (max-width: 225px) 100vw, 225px\" \/><\/a> <a href=\"\/wp-content\/uploads\/2013\/09\/Saarkanal.16.17.018.jpg\"><img loading=\"lazy\" decoding=\"async\" class=\"alignnone size-medium wp-image-6818\" src=\"\/wp-content\/uploads\/2013\/09\/Saarkanal.16.17.018-225x300.jpg\" alt=\"\" width=\"225\" height=\"300\" srcset=\"https:\/\/www.le-roi-babar.ch\/wp-content\/uploads\/2013\/09\/Saarkanal.16.17.018-225x300.jpg 225w, https:\/\/www.le-roi-babar.ch\/wp-content\/uploads\/2013\/09\/Saarkanal.16.17.018.jpg 768w\" sizes=\"auto, (max-width: 225px) 100vw, 225px\" \/><\/a><\/p>\n<p>Im Folgenden finden sich einige Hinweise auf besonders denkw\u00fcrdige Besuche von Gastst\u00e4tten entlang der voies navigables.<\/p>\n<p><b>Aber Vorsicht: <\/b><i>Alle Angaben sind selbstverst\u00e4ndlich \u201eohne Gew\u00e4hr\u201c!! <\/i><\/p>\n<p>Dies, unter anderem, weil:<\/p>\n<p>&#8211; nicht alle Geschm\u00e4cker gleich sind \u2013 was uns bestens geschmeckt und gefallen hat, vermag Andere vielleicht weniger zu begeistern!<br \/>\n&#8211; nicht alle Restaurants, in denen wir ausgezeichnet bedient wurden, heute noch vom gleichen Patron (oder K\u00fcchenchef, oder\u2026) betreut werden! Sie k\u00f6nnen in der Zwischenzeit noch viel besser geworden \u2013 aber auch kulinarisch abgest\u00fcrzt sein, wie etwa dasjenige, das uns unter &#8222;les trois filets&#8220; je ein St\u00fcck H\u00fchner-, Enten- und Trutenbrust serviert, oder dasjenige, das uns unter &#8222;filet de boeuf, \u00e0 point&#8220; ein St\u00fcck z\u00e4hgekochtes, sehniges Siedfleisch, das wohl eigentlich f\u00fcr den Baeckeoffe vorgesehen war, aufgetischt hat. Beide sind hier unten verschwunden (und &#8211; was f\u00fcr ein Zufall! &#8211; auch im Verzeichnis der Logis de France nicht mehr zu finden&#8230;).<\/p>\n<p><i>Gute Erinnerungen haben in diesem Sinne zur\u00fcckgelassen:<\/i><\/p>\n<h2><span style=\"text-decoration: underline;\">Am <b>Canal du Rh\u00f4ne \u00e0 S\u00e8te<\/b> <\/span><\/h2>\n<p>In <span style=\"text-decoration: underline;\"><b>Aigues-Mortes<\/b><\/span><\/p>\n<p><i>Le Minos <\/i><br \/>\n(Place Saint Louis)<\/p>\n<p><i>La Goulue<\/i><\/p>\n<p>In <span style=\"text-decoration: underline;\"><b>S\u00e8te<\/b><\/span><\/p>\n<p><a href=\"\/wp-content\/uploads\/2013\/09\/T\u00fcrkei.1978.045.1.jpg\"><img loading=\"lazy\" decoding=\"async\" class=\"alignnone wp-image-6824 size-large\" src=\"\/wp-content\/uploads\/2013\/09\/T\u00fcrkei.1978.045.1-891x1024.jpg\" alt=\"\" width=\"584\" height=\"671\" srcset=\"https:\/\/www.le-roi-babar.ch\/wp-content\/uploads\/2013\/09\/T\u00fcrkei.1978.045.1-891x1024.jpg 891w, https:\/\/www.le-roi-babar.ch\/wp-content\/uploads\/2013\/09\/T\u00fcrkei.1978.045.1-261x300.jpg 261w, https:\/\/www.le-roi-babar.ch\/wp-content\/uploads\/2013\/09\/T\u00fcrkei.1978.045.1-768x882.jpg 768w, https:\/\/www.le-roi-babar.ch\/wp-content\/uploads\/2013\/09\/T\u00fcrkei.1978.045.1.jpg 982w\" sizes=\"auto, (max-width: 584px) 100vw, 584px\" \/><\/a><\/p>\n<p><i>La Palangrotte<\/i> \u2013 vor allem f\u00fcr Fisch und fruits de mer<br \/>\n(Quai de la Marine \/ Rampe Paul Val\u00e9ry)<\/p>\n<p><em>The marcel<br \/>\n<\/em>(5 rue Lazare \u2013 Carnot)<\/p>\n<p><em>L\u2019Oranger<\/em> &#8211; f\u00fcr mal kein Meeresgetier&#8230;<br \/>\n(5 rue Pierre Berossolette)<\/p>\n<p><span style=\"text-decoration: underline;\">Am <b>Etang de Thau<\/b><\/span><\/p>\n<p>In<span style=\"text-decoration: underline;\"><b> M\u00e8ze<\/b><\/span><\/p>\n<p><i>Du Port \/ Chez Fady<br \/>\n<\/i>(1 Quai Descournut)<\/p>\n<p><i>Le Pescadou<br \/>\n<\/i>(33 Bd du Port)<\/p>\n<p><i>La Marmiti\u00e8re<br \/>\n<\/i>(38 rue du port)<\/p>\n<h2><span style=\"text-decoration: underline;\">Am <b>Canal du Midi<\/b><\/span><b> <\/b><\/h2>\n<p>In<span style=\"text-decoration: underline;\"><b> Agde<\/b><\/span><\/p>\n<p><i>La guinguette<b> <\/b><\/i>(am Kanal, beim Hochwasserwehr bei der Ausfahrt auf den H\u00e9rault)<br \/>\n(Route de Marseillan)<b><\/b><\/p>\n<p>In<span style=\"text-decoration: underline;\"><b> Colombiers<\/b><\/span><\/p>\n<p><em>Chez l\u2019 \u00e9clusier<\/em> (direkt am Hafen von Colombiers)<\/p>\n<p><a href=\"\/wp-content\/uploads\/2013\/09\/midi.04-08.107.jpg\"><img loading=\"lazy\" decoding=\"async\" src=\"\/wp-content\/uploads\/2013\/09\/midi.04-08.107-1024x768.jpg\" alt=\"midi.04-08.107\" width=\"584\" height=\"438\" \/><\/a><\/p>\n<p><i>La Croisade<br \/>\n<\/i><\/p>\n<p>In<b><span style=\"text-decoration: underline;\"> Argeliers<\/span> <\/b>(an der Br\u00fccke \u00fcber den Kanal)<b> <\/b><\/p>\n<p><a href=\"\/wp-content\/uploads\/2013\/09\/midi.04-08.101.jpg\"><img loading=\"lazy\" decoding=\"async\" src=\"\/wp-content\/uploads\/2013\/09\/midi.04-08.101-1024x768.jpg\" alt=\"midi.04-08.101\" width=\"584\" height=\"438\" \/><\/a><\/p>\n<p><i>Le chat qui p\u00eache<\/i><\/p>\n<p><i><br \/>\n<\/i><b><\/b>In<span style=\"text-decoration: underline;\"><b> Olonzac <\/b><\/span>(an der \u00e9cluse de l\u2019 Ognon)<\/p>\n<p><i>L&#8217;escale du canal<br \/>\n<\/i><\/p>\n<p>In<span style=\"text-decoration: underline;\"><b> Homps<\/b><\/span><\/p>\n<p><em>En bonne compagnie<\/em><\/p>\n<p><i>L&#8216; Arbousier<\/i> (Logis de France)<\/p>\n<p><i>Les tonneliers<br \/>\n<\/i><\/p>\n<p><i>La p\u00e9niche<\/i><\/p>\n<p>&nbsp;<\/p>\n<h2><span style=\"text-decoration: underline;\">Am<b> Canal de la Marne au Rhin<\/b><\/span><\/h2>\n<p>In<span style=\"text-decoration: underline;\"><b> Souffelweyersheim<br \/>\n<\/b><\/span><span style=\"text-decoration: underline;\"><b><br \/>\n<\/b><\/span><i>Au Fil de l&#8217;Eau<br \/>\n(39 route de Bischwiller)<br \/>\n<i><i><\/i><\/i><\/i><\/p>\n<p>In<span style=\"text-decoration: underline;\"><b> Saverne<\/b><\/span><\/p>\n<p><a href=\"\/wp-content\/uploads\/2013\/09\/katz.jpg\"><img loading=\"lazy\" decoding=\"async\" src=\"\/wp-content\/uploads\/2013\/09\/katz-1024x768.jpg\" alt=\"katz\" width=\"584\" height=\"438\" \/><\/a><\/p>\n<p><i>Taverne Katz<br \/>\n<\/i>(80 Grand Rue)<br \/>\n<a href=\"http:\/\/www.tavernekatz.com\">www.tavernekatz.com<\/a><\/p>\n<p><span style=\"text-decoration: underline;\">In <span style=\"text-decoration: underline;\"><b>Niderviller<\/b><\/span><\/span><\/p>\n<p><a href=\"\/wp-content\/uploads\/2013\/09\/tannenheim.jpg\"><img loading=\"lazy\" decoding=\"async\" class=\"alignnone size-medium wp-image-1337\" src=\"\/wp-content\/uploads\/2013\/09\/tannenheim-225x300.jpg\" alt=\"tannenheim\" width=\"225\" height=\"300\" srcset=\"https:\/\/www.le-roi-babar.ch\/wp-content\/uploads\/2013\/09\/tannenheim-225x300.jpg 225w, https:\/\/www.le-roi-babar.ch\/wp-content\/uploads\/2013\/09\/tannenheim.jpg 768w\" sizes=\"auto, (max-width: 225px) 100vw, 225px\" \/><\/a><\/p>\n<p><i>Au Tannenheim<\/i><\/p>\n<p><a href=\"\/wp-content\/uploads\/2013\/09\/altenburger.jpg\"><img loading=\"lazy\" decoding=\"async\" src=\"\/wp-content\/uploads\/2013\/09\/altenburger-300x200.jpg\" alt=\"altenburger\" width=\"300\" height=\"200\" \/><\/a> <a href=\"\/wp-content\/uploads\/2013\/09\/Altenburger.2.jpg\"><img loading=\"lazy\" decoding=\"async\" class=\"alignnone size-medium wp-image-1310\" src=\"\/wp-content\/uploads\/2013\/09\/Altenburger.2-300x225.jpg\" alt=\"Altenburger.2\" width=\"300\" height=\"225\" srcset=\"https:\/\/www.le-roi-babar.ch\/wp-content\/uploads\/2013\/09\/Altenburger.2-300x225.jpg 300w, https:\/\/www.le-roi-babar.ch\/wp-content\/uploads\/2013\/09\/Altenburger.2-1024x768.jpg 1024w, https:\/\/www.le-roi-babar.ch\/wp-content\/uploads\/2013\/09\/Altenburger.2-400x300.jpg 400w\" sizes=\"auto, (max-width: 300px) 100vw, 300px\" \/><\/a><\/p>\n<p><i>Altenburger<br \/>\n<\/i>(eigentlich: <span style=\"text-decoration: underline;\">Arzviller<\/span> \/ <span style=\"text-decoration: underline;\">Guntzviller<\/span>)<br \/>\n(rue de l&#8217;auberge et du canal)<br \/>\n<a href=\"http:\/\/www.altenburger.fr\">www.altenburger.fr<\/a><\/p>\n<p><em>Le M<br \/>\n<\/em>(9 Place Charles de Gaulle)<br \/>\n<a href=\"http:\/\/www.restaurant-m-niderviller.com\">www.restaurant-m-niderviller.com<\/a><\/p>\n<p>In<span style=\"text-decoration: underline;\"><b> Lagarde<\/b><\/span><\/p>\n<p><i>Restaurant PK 209<br \/>\n<\/i>(port de plaisance)<br \/>\n<a href=\"https:\/\/www.navigfrance.alsace\/nos_services\/restauration\/\">https:\/\/www.navigfrance.alsace\/nos_services\/restauration\/<\/a><\/p>\n<h2><span style=\"text-decoration: underline;\">Am<b> Canal <\/b><\/span><b><span style=\"text-decoration: underline;\">de la Sarre<\/span><\/b><\/h2>\n<p><b> <\/b>In <span style=\"text-decoration: underline;\"><b>Altwiller \/ Bonne Fontaine<\/b><\/span><\/p>\n<p><a href=\"\/wp-content\/uploads\/2013\/09\/ecluse16.jpg\"><img loading=\"lazy\" decoding=\"async\" src=\"\/wp-content\/uploads\/2013\/09\/ecluse16-1024x768.jpg\" alt=\"ecluse16\" width=\"584\" height=\"438\" \/><\/a><\/p>\n<p><a href=\"\/wp-content\/uploads\/2013\/09\/ecluse16.7.jpg\"><img loading=\"lazy\" decoding=\"async\" class=\"alignnone size-medium wp-image-1324\" src=\"\/wp-content\/uploads\/2013\/09\/ecluse16.7-300x225.jpg\" alt=\"ecluse16.7\" width=\"300\" height=\"225\" srcset=\"https:\/\/www.le-roi-babar.ch\/wp-content\/uploads\/2013\/09\/ecluse16.7-300x225.jpg 300w, https:\/\/www.le-roi-babar.ch\/wp-content\/uploads\/2013\/09\/ecluse16.7-1024x768.jpg 1024w, https:\/\/www.le-roi-babar.ch\/wp-content\/uploads\/2013\/09\/ecluse16.7-400x300.jpg 400w\" sizes=\"auto, (max-width: 300px) 100vw, 300px\" \/><\/a> <a href=\"\/wp-content\/uploads\/2013\/09\/ecluse16.3.jpg\"><img loading=\"lazy\" decoding=\"async\" class=\"alignnone size-medium wp-image-1323\" src=\"\/wp-content\/uploads\/2013\/09\/ecluse16.3-300x225.jpg\" alt=\"ecluse16.3\" width=\"300\" height=\"225\" srcset=\"https:\/\/www.le-roi-babar.ch\/wp-content\/uploads\/2013\/09\/ecluse16.3-300x225.jpg 300w, https:\/\/www.le-roi-babar.ch\/wp-content\/uploads\/2013\/09\/ecluse16.3-1024x768.jpg 1024w, https:\/\/www.le-roi-babar.ch\/wp-content\/uploads\/2013\/09\/ecluse16.3-400x300.jpg 400w\" sizes=\"auto, (max-width: 300px) 100vw, 300px\" \/><\/a><\/p>\n<p><i>De l&#8216;<\/i><i> \u00c9cluse 16<br \/>\n<\/i>(\u00e9cluse 16)<br \/>\n<a href=\"http:\/\/www.ecluse16.com\">www.ecluse16.com<\/a><\/p>\n<p>In <span style=\"text-decoration: underline;\">Sarreguemines<\/span><\/p>\n<p><a href=\"\/wp-content\/uploads\/2013\/09\/UNADJUSTEDNONRAW_thumb_aca3.jpg\"><img loading=\"lazy\" decoding=\"async\" class=\"alignnone wp-image-6804 size-large\" src=\"\/wp-content\/uploads\/2013\/09\/UNADJUSTEDNONRAW_thumb_aca3-1024x768.jpg\" alt=\"\" width=\"584\" height=\"438\" srcset=\"https:\/\/www.le-roi-babar.ch\/wp-content\/uploads\/2013\/09\/UNADJUSTEDNONRAW_thumb_aca3.jpg 1024w, https:\/\/www.le-roi-babar.ch\/wp-content\/uploads\/2013\/09\/UNADJUSTEDNONRAW_thumb_aca3-300x225.jpg 300w, https:\/\/www.le-roi-babar.ch\/wp-content\/uploads\/2013\/09\/UNADJUSTEDNONRAW_thumb_aca3-768x576.jpg 768w, https:\/\/www.le-roi-babar.ch\/wp-content\/uploads\/2013\/09\/UNADJUSTEDNONRAW_thumb_aca3-400x300.jpg 400w\" sizes=\"auto, (max-width: 584px) 100vw, 584px\" \/><\/a><\/p>\n<p><em>Brasserie du Casino<br \/>\n<\/em>(4 Rue du Colonel Edouard Cazal)<\/p>\n<p><a href=\"\/wp-content\/uploads\/2016\/11\/roli.03.08.16.002-1-e1508403006914.jpg\"><img loading=\"lazy\" decoding=\"async\" class=\"alignnone wp-image-6981 size-large\" src=\"\/wp-content\/uploads\/2016\/11\/roli.03.08.16.002-1-e1508403006914-1024x768.jpg\" alt=\"\" width=\"584\" height=\"438\" srcset=\"https:\/\/www.le-roi-babar.ch\/wp-content\/uploads\/2016\/11\/roli.03.08.16.002-1-e1508403006914-1024x768.jpg 1024w, https:\/\/www.le-roi-babar.ch\/wp-content\/uploads\/2016\/11\/roli.03.08.16.002-1-e1508403006914-300x225.jpg 300w, https:\/\/www.le-roi-babar.ch\/wp-content\/uploads\/2016\/11\/roli.03.08.16.002-1-e1508403006914-768x576.jpg 768w, https:\/\/www.le-roi-babar.ch\/wp-content\/uploads\/2016\/11\/roli.03.08.16.002-1-e1508403006914-400x300.jpg 400w\" sizes=\"auto, (max-width: 584px) 100vw, 584px\" \/><\/a><\/p>\n<p><strong><span style=\"text-decoration: underline;\">Am Canal des Vosges<\/span><\/strong><\/p>\n<p>Am <span style=\"text-decoration: underline;\">Pont du Coney<\/span><\/p>\n<p><a href=\"\/wp-content\/uploads\/2013\/09\/coney.2.jpg\"><img loading=\"lazy\" decoding=\"async\" class=\"alignnone size-medium wp-image-1315\" src=\"\/wp-content\/uploads\/2013\/09\/coney.2-300x225.jpg\" alt=\"coney.2\" width=\"300\" height=\"225\" srcset=\"https:\/\/www.le-roi-babar.ch\/wp-content\/uploads\/2013\/09\/coney.2-300x225.jpg 300w, https:\/\/www.le-roi-babar.ch\/wp-content\/uploads\/2013\/09\/coney.2-1024x768.jpg 1024w, https:\/\/www.le-roi-babar.ch\/wp-content\/uploads\/2013\/09\/coney.2-400x300.jpg 400w\" sizes=\"auto, (max-width: 300px) 100vw, 300px\" \/><\/a> <a href=\"\/wp-content\/uploads\/2013\/09\/coney.3.jpg\"><img loading=\"lazy\" decoding=\"async\" class=\"alignnone size-medium wp-image-1316\" src=\"\/wp-content\/uploads\/2013\/09\/coney.3-300x225.jpg\" alt=\"coney.3\" width=\"300\" height=\"225\" srcset=\"https:\/\/www.le-roi-babar.ch\/wp-content\/uploads\/2013\/09\/coney.3-300x225.jpg 300w, https:\/\/www.le-roi-babar.ch\/wp-content\/uploads\/2013\/09\/coney.3-1024x768.jpg 1024w, https:\/\/www.le-roi-babar.ch\/wp-content\/uploads\/2013\/09\/coney.3-400x300.jpg 400w\" sizes=\"auto, (max-width: 300px) 100vw, 300px\" \/><\/a><\/p>\n<p><em>Auberge du Coney<\/em><\/p>\n<p><span style=\"text-decoration: underline;\"><strong>An der Mosel<\/strong><\/span><\/p>\n<p>In <span style=\"text-decoration: underline;\">Metz<\/span><\/p>\n<p><em>Assiette au boeuf<\/em><br \/>\n(1 rue du Pont des Morts)<br \/>\n<a href=\"http:\/\/www.assietteauboeuf.fr\">www.assietteauboeuf.fr<\/a><\/p>\n<h2><span style=\"text-decoration: underline;\">An der<b> Sa\u00f4ne<\/b><\/span><\/h2>\n<p>In <span style=\"text-decoration: underline;\"><b>Corre<\/b><\/span><\/p>\n<p>Hafenrestaurant <i>La Marina<br \/>\n<\/i>(Pr\u00e9 la sa\u00f4nier)<br \/>\n<a href=\"http:\/\/www.fluvialoisirs.com\/le_restaurant.ws\">http:\/\/www.fluvialoisirs.com\/le_restaurant.ws<\/a><\/p>\n<p>In <span style=\"text-decoration: underline;\"><b>Scey sur Sa\u00f4ne<\/b><\/span><\/p>\n<p><a href=\"\/wp-content\/uploads\/2013\/09\/lesdeuxports.scey_.2.jpg\"><img loading=\"lazy\" decoding=\"async\" src=\"\/wp-content\/uploads\/2013\/09\/lesdeuxports.scey_.2-300x225.jpg\" alt=\"lesdeuxports.scey.2\" width=\"300\" height=\"225\" \/><\/a> <a href=\"\/wp-content\/uploads\/2013\/09\/lesdeuxports.scey_.jpg\"><img loading=\"lazy\" decoding=\"async\" src=\"\/wp-content\/uploads\/2013\/09\/lesdeuxports.scey_-300x225.jpg\" alt=\"lesdeuxports.scey\" width=\"300\" height=\"225\" \/><\/a><\/p>\n<p><i>Les deux ports<br \/>\n<\/i>(gegen\u00fcber dem Hafen)<br \/>\n<a href=\"http:\/\/www.restaurant-les2ports.com\">www.restaurant-les2ports.com<\/a><\/p>\n<p>In <b><span style=\"text-decoration: underline;\">Seveux<\/span><\/b><\/p>\n<p><i>Chez Berthe<br \/>\n<\/i>(12 Grande Rue)<\/p>\n<p>In <span style=\"text-decoration: underline;\"><b>Pontailler<\/b><\/span><\/p>\n<p><i>Hostellerie des Maronniers<br \/>\n<\/i>(3 rue Saint Eloi)<\/p>\n<p><i>Taverne<\/i> <i>(chez Willy)<\/i> (Pizza!)<\/p>\n<p>In <span style=\"text-decoration: underline;\"><b>Lamarche<\/b><\/span><\/p>\n<p><i>Le Saint Antoine<\/i> (Logis de France)<br \/>\n(32 rue Franche-Comt\u00e9)<\/p>\n<p>In <span style=\"text-decoration: underline;\"><b>Losne \/ St. Jean de Losne<\/b><\/span><\/p>\n<p><i>Auberge de la Marine<\/i> (Logis de France)<br \/>\n(in der Bar nat\u00fcrlich den Original-Kir \u00e0 l&#8217;Aligot\u00e9 geniessen&#8230;)<\/p>\n<h2><span style=\"text-decoration: underline;\">Am <b>Canal du Rh\u00f4ne au Rhin<\/b><\/span><\/h2>\n<p>In <span style=\"text-decoration: underline;\"><b>Carspach<\/b><\/span> (bei Dannemarie)<\/p>\n<p><i>Auberge Sundgovienne<\/i> (Logis de France)<br \/>\n(1 route de Belfort)<br \/>\n<a href=\"http:\/\/www.auberge-sundgovienne.fr\">www.auberge-sundgovienne.fr<\/a><\/p>\n<h2><span style=\"text-decoration: underline;\">Auf der <b>Mecklenburger Seenplatte<\/b><\/span><\/h2>\n<p>In <span style=\"text-decoration: underline;\"><b>R\u00f6bel<\/b><\/span><\/p>\n<p><span style=\"text-decoration: underline;\"><b><a href=\"\/wp-content\/uploads\/2013\/09\/m\u00fcritz.r\u00f6bel.07-11.015.jpg\"><img loading=\"lazy\" decoding=\"async\" src=\"\/wp-content\/uploads\/2013\/09\/m\u00fcritz.r\u00f6bel.07-11.015-1024x768.jpg\" alt=\"m\u00fcritz.r\u00f6bel.07-11.015\" width=\"584\" height=\"438\" \/><\/a><\/b><\/span><\/p>\n<p><i>Hotel Restaurant <\/i><i>Seestern<br \/>\n<\/i><\/p>\n<p>In <span style=\"text-decoration: underline;\"><b>Mirow<\/b><\/span><\/p>\n<p><i>Strandrestaurant<\/i> (mit Anleger)<i><\/i><\/p>\n<p>In <span style=\"text-decoration: underline;\"><b>Strasen<\/b><\/span><\/p>\n<p><i>Hotel Restaurant zum L\u00f6wen<\/i><\/p>\n<p>In <span style=\"text-decoration: underline;\"><b>Lenz<\/b><\/span><\/p>\n<p><i>Lenzer Krug<\/i><\/p>\n<p>In <span style=\"text-decoration: underline;\"><b>F\u00fcrstenberg<\/b><\/span><\/p>\n<p><i>Hafenrestaurant<\/i><b> <\/b><\/p>\n<p>In<span style=\"text-decoration: underline;\"><b> Flesensee<\/b><\/span><\/p>\n<p><i>Hafenrestaurant<\/i><\/p>\n<p>In <span style=\"text-decoration: underline;\"><b>Buchholz<\/b><\/span><\/p>\n<p><i>H<\/i><i>afenrestaurant<\/i><\/p>\n<p><span style=\"text-decoration: underline;\"><strong>In der Region Berlin<\/strong><\/span><\/p>\n<p>In <span style=\"text-decoration: underline;\">Spandau<\/span><\/p>\n<p><em>Restaurant Kolk<\/em><\/p>\n<p>In <span style=\"text-decoration: underline;\">Senzig<\/span><\/p>\n<p><a href=\"\/wp-content\/uploads\/2013\/09\/26.5.008.jpg\"><img loading=\"lazy\" decoding=\"async\" class=\"alignnone size-large wp-image-4055\" src=\"\/wp-content\/uploads\/2013\/09\/26.5.008-1024x768.jpg\" alt=\"26.5.008\" width=\"584\" height=\"438\" srcset=\"https:\/\/www.le-roi-babar.ch\/wp-content\/uploads\/2013\/09\/26.5.008-1024x768.jpg 1024w, https:\/\/www.le-roi-babar.ch\/wp-content\/uploads\/2013\/09\/26.5.008-300x225.jpg 300w, https:\/\/www.le-roi-babar.ch\/wp-content\/uploads\/2013\/09\/26.5.008-400x300.jpg 400w\" sizes=\"auto, (max-width: 584px) 100vw, 584px\" \/><\/a><\/p>\n<p><em>Seebr\u00fccke<\/em><\/p>\n<p>In <span style=\"text-decoration: underline;\">Gussow<\/span><\/p>\n<p><a href=\"\/wp-content\/uploads\/2013\/09\/26.5.021.jpg\"><img loading=\"lazy\" decoding=\"async\" class=\"alignnone size-full wp-image-4054\" src=\"\/wp-content\/uploads\/2013\/09\/26.5.021.jpg\" alt=\"26.5.021\" width=\"3648\" height=\"2736\" srcset=\"https:\/\/www.le-roi-babar.ch\/wp-content\/uploads\/2013\/09\/26.5.021.jpg 3648w, https:\/\/www.le-roi-babar.ch\/wp-content\/uploads\/2013\/09\/26.5.021-300x225.jpg 300w, https:\/\/www.le-roi-babar.ch\/wp-content\/uploads\/2013\/09\/26.5.021-1024x768.jpg 1024w, https:\/\/www.le-roi-babar.ch\/wp-content\/uploads\/2013\/09\/26.5.021-400x300.jpg 400w\" sizes=\"auto, (max-width: 3648px) 100vw, 3648px\" \/><\/a><\/p>\n<p><em>Kuddel&#8217;s lustige Stube<\/em><\/p>\n<p><span style=\"text-decoration: underline;\"><strong>und schliesslich: in der bootsfernen Winterzeit im Bergell (bzw im Engadin&#8230;)<\/strong><\/span><\/p>\n<p>in <span style=\"text-decoration: underline;\">Maloja<\/span>:<\/p>\n<p><a href=\"\/wp-content\/uploads\/2013\/09\/DSC_0008.jpg\"><img loading=\"lazy\" decoding=\"async\" class=\"alignnone size-large wp-image-6104\" src=\"\/wp-content\/uploads\/2013\/09\/DSC_0008-1024x681.jpg\" alt=\"\" width=\"584\" height=\"388\" srcset=\"https:\/\/www.le-roi-babar.ch\/wp-content\/uploads\/2013\/09\/DSC_0008-1024x681.jpg 1024w, https:\/\/www.le-roi-babar.ch\/wp-content\/uploads\/2013\/09\/DSC_0008-300x199.jpg 300w, https:\/\/www.le-roi-babar.ch\/wp-content\/uploads\/2013\/09\/DSC_0008-768x511.jpg 768w, https:\/\/www.le-roi-babar.ch\/wp-content\/uploads\/2013\/09\/DSC_0008-451x300.jpg 451w\" sizes=\"auto, (max-width: 584px) 100vw, 584px\" \/><\/a><\/p>\n<p><em>Hotel Restaurant Schweizerhaus<\/em><br \/>\n(+41 81 838 28 28)<br \/>\n<a href=\"http:\/\/www.schweizerhaus.swiss\">http:\/\/www.schweizerhaus.swiss<\/a><\/p>\n<p>in <span style=\"text-decoration: underline;\">Plaun da Lej<\/span>:<\/p>\n<p><em>Restaurant Murtar\u00f6l<br \/>\n<\/em>(+41 81 826 53 50)<br \/>\n<a href=\"http:\/\/www.plaundalej.ch\">www.plaundalej.ch<\/a><\/p>\n","protected":false},"excerpt":{"rendered":"<p>Bei sich bietenden Gelegenheiten statteten wir auch gerne der lokalen Gastronomie unsere Besuche ab: Im Folgenden finden sich einige Hinweise auf besonders denkw\u00fcrdige Besuche von Gastst\u00e4tten entlang der voies navigables. Aber Vorsicht: Alle Angaben sind selbstverst\u00e4ndlich \u201eohne Gew\u00e4hr\u201c!! Dies, unter &hellip; <a href=\"https:\/\/www.le-roi-babar.ch\/?page_id=1244\">Weiterlesen <span class=\"meta-nav\">&rarr;<\/span><\/a><\/p>\n","protected":false},"author":1,"featured_media":4032,"parent":1544,"menu_order":0,"comment_status":"closed","ping_status":"closed","template":"showcase.php","meta":{"footnotes":""},"class_list":["post-1244","page","type-page","status-publish","has-post-thumbnail","hentry"],"_links":{"self":[{"href":"https:\/\/www.le-roi-babar.ch\/index.php?rest_route=\/wp\/v2\/pages\/1244","targetHints":{"allow":["GET"]}}],"collection":[{"href":"https:\/\/www.le-roi-babar.ch\/index.php?rest_route=\/wp\/v2\/pages"}],"about":[{"href":"https:\/\/www.le-roi-babar.ch\/index.php?rest_route=\/wp\/v2\/types\/page"}],"author":[{"embeddable":true,"href":"https:\/\/www.le-roi-babar.ch\/index.php?rest_route=\/wp\/v2\/users\/1"}],"replies":[{"embeddable":true,"href":"https:\/\/www.le-roi-babar.ch\/index.php?rest_route=%2Fwp%2Fv2%2Fcomments&post=1244"}],"version-history":[{"count":155,"href":"https:\/\/www.le-roi-babar.ch\/index.php?rest_route=\/wp\/v2\/pages\/1244\/revisions"}],"predecessor-version":[{"id":10286,"href":"https:\/\/www.le-roi-babar.ch\/index.php?rest_route=\/wp\/v2\/pages\/1244\/revisions\/10286"}],"up":[{"embeddable":true,"href":"https:\/\/www.le-roi-babar.ch\/index.php?rest_route=\/wp\/v2\/pages\/1544"}],"wp:featuredmedia":[{"embeddable":true,"href":"https:\/\/www.le-roi-babar.ch\/index.php?rest_route=\/wp\/v2\/media\/4032"}],"wp:attachment":[{"href":"https:\/\/www.le-roi-babar.ch\/index.php?rest_route=%2Fwp%2Fv2%2Fmedia&parent=1244"}],"curies":[{"name":"wp","href":"https:\/\/api.w.org\/{rel}","templated":true}]}}